{"id":160,"date":"2021-01-08T14:07:51","date_gmt":"2021-01-08T14:07:51","guid":{"rendered":"https:\/\/abschiedaufbruch.live-website.com\/?page_id=160"},"modified":"2022-11-06T08:15:54","modified_gmt":"2022-11-06T08:15:54","slug":"pewi-menschen","status":"publish","type":"page","link":"https:\/\/abschied-aufbruch.de\/?page_id=160","title":{"rendered":"Abschied-Podcasts"},"content":{"rendered":"\n<p><span style=\"color:#bc360a\" class=\"tadv-color\">Die Grabschlie\u00dferin- ein neuer Bestattungsritus?<\/span><br>Ursula Hahn-Seidl, Coach:in f\u00fcr F\u00fchrungskr\u00e4fte im Gesundheitswesen und Supervisorin aus Augsburg.<br><br><span style=\"color:#bc360a\" class=\"tadv-color\">Website<\/span><br><a rel=\"noreferrer noopener\" href=\"https:\/\/www.hahn-seidl-coaching.de\/\" target=\"_blank\"><span style=\"color:#141412\" class=\"tadv-color\">https:\/\/www.hahn-seidl-coaching.de\/<\/span><\/a><\/p>\n\n\n\n<figure class=\"wp-block-audio\"><audio controls src=\"https:\/\/abschied-aufbruch.de\/wp-content\/uploads\/2021\/01\/PD01_Die-Grabschliesserin-23.01.21-18.27.mp3\"><\/audio><\/figure>\n\n\n\n<hr class=\"wp-block-separator has-text-color has-red-color has-css-opacity has-red-background-color has-background is-style-default\"\/>\n\n\n\n<div style=\"height:20px\" aria-hidden=\"true\" class=\"wp-block-spacer\"><\/div>\n\n\n\n<p><span style=\"color:#bc360a\" class=\"tadv-color\">Der Friedhof als Wirtschaftsunternehmen<\/span><span style=\"color:#bc360a\" class=\"tadv-color\"><\/span><br>Hanns-Wolfgang Wild ist Unternehmensberater aus Regensburg mit dem Schwerpunkt mittelst\u00e4ndische Handelsunternehmen.<br><br><span style=\"color:#bc360a\" class=\"tadv-color\">Website<\/span><br><a rel=\"noreferrer noopener\" href=\"https:\/\/www.varicon.de\/regensburg\/\" target=\"_blank\"><span style=\"color:#141412\" class=\"tadv-color\">https:\/\/www.varicon.de\/regensburg\/<\/span><\/a><\/p>\n\n\n\n<figure class=\"wp-block-audio\"><audio controls src=\"https:\/\/abschied-aufbruch.de\/wp-content\/uploads\/2021\/01\/PD02_Wann-u\u0308berlebt-ein-Friedhof.mp3\"><\/audio><\/figure>\n\n\n\n<hr class=\"wp-block-separator has-text-color has-red-color has-css-opacity has-red-background-color has-background is-style-default\"\/>\n\n\n\n<div style=\"height:20px\" aria-hidden=\"true\" class=\"wp-block-spacer\"><\/div>\n\n\n\n<p><span style=\"color:#bc360a\" class=\"tadv-color\">Netztrauer- Die Verlagerung von Trauer in das Internet<\/span><span style=\"color:#bc360a\" class=\"tadv-color\"><\/span><br>Matthias Meitzler ist Soziologe an der Universit\u00e4t Passau. Neben dem Band <em>Soziologie der Verg\u00e4nglichkeit <\/em>verfasste er zusammen mit Thorsten Benkel die beiden Bildb\u00e4nde <em>Gestatten Sie, dass ich liegen bleibe<\/em> und <em>Game Over<\/em>. <br><br><span style=\"color:#bc360a\" class=\"tadv-color\">Website<\/span><br><a rel=\"noreferrer noopener\" href=\"http:\/\/www.friedhofssoziologie.de\" data-type=\"URL\" target=\"_blank\"><\/a><a rel=\"noreferrer noopener\" href=\"http:\/\/www.friedhofssoziologie.de\/\" target=\"_blank\"><span style=\"color:#141412\" class=\"tadv-color\">www.friedhofssoziologie.de<\/span><\/a><\/p>\n\n\n\n<figure class=\"wp-block-audio\"><audio controls src=\"https:\/\/abschied-aufbruch.de\/wp-content\/uploads\/2021\/01\/Podcast03_NetztrauerBearbeitung_1.mp3\"><\/audio><\/figure>\n\n\n\n<hr class=\"wp-block-separator has-text-color has-red-color has-css-opacity has-red-background-color has-background is-style-default\"\/>\n\n\n\n<div style=\"height:20px\" aria-hidden=\"true\" class=\"wp-block-spacer\"><\/div>\n\n\n\n<p><span style=\"color:#bc360a\" class=\"tadv-color\">Der j\u00fcdische Friedhof in Regensburg- ein Ausflug in die j\u00fcdische Sterbe- und Friedhofskultur<span style=\"color:#bc360a\" class=\"tadv-color\"><\/span><\/span><br>Benjamin Kochan ist Rabbiner aus Berlin und Religionslehrer in der j\u00fcdischen Gemeinde in Regensburg. Er erkl\u00e4rt uns die Abl\u00e4ufe und Ideen j\u00fcdischer Begr\u00e4bnisrituale.<br><br><span style=\"color:#bc360a\" class=\"tadv-color\">Website<\/span><br><a rel=\"noreferrer noopener\" href=\"http:\/\/kaj-berlin.de\" target=\"_blank\"><span style=\"color:#141412\" class=\"tadv-color\">www.kaj-berlin.de<\/span><\/a><br><a rel=\"noreferrer noopener\" href=\"https:\/\/jg-regensburg.de\/\" target=\"_blank\" data-type=\"URL\" data-id=\"https:\/\/jg-regensburg.de\/\"><span style=\"color:#141412\" class=\"tadv-color\">www.jg-regensburg.de<\/span><\/a><\/p>\n\n\n\n<figure class=\"wp-block-audio\"><audio controls src=\"https:\/\/abschied-aufbruch.de\/wp-content\/uploads\/2021\/02\/Podcast04_Ju\u0308discher-FriedhofBearbeitung-1.mp3\"><\/audio><\/figure>\n\n\n\n<hr class=\"wp-block-separator has-text-color has-red-color has-css-opacity has-red-background-color has-background is-style-default\"\/>\n\n\n\n<div style=\"height:20px\" aria-hidden=\"true\" class=\"wp-block-spacer\"><\/div>\n\n\n\n<div style=\"height:20px\" aria-hidden=\"true\" class=\"wp-block-spacer\"><\/div>\n\n\n\n<p><span style=\"color:#bc360a\" class=\"tadv-color\">Die gr\u00fcne Mappe- gut vorbereitet auf die eigene Begr\u00e4bnisfeier<span style=\"color:#bc360a\" class=\"tadv-color\"><\/span><\/span><br>Renate Otto ist pensionierte Schulleiterin aus M\u00fcnchen und hat sich eine detaillierte Checkliste zur eigenen Begr\u00e4bnisfeier erstellt.<br><\/p>\n\n\n\n<figure class=\"wp-block-audio\"><audio controls src=\"https:\/\/abschied-aufbruch.de\/wp-content\/uploads\/2021\/02\/Podcast05_Die-gru\u0308ne-Mappe-Bearbeitung.mp3\"><\/audio><\/figure>\n\n\n\n<hr class=\"wp-block-separator has-text-color has-red-color has-css-opacity has-red-background-color has-background is-style-default\"\/>\n\n\n\n<div style=\"height:20px\" aria-hidden=\"true\" class=\"wp-block-spacer\"><\/div>\n\n\n\n<p><span style=\"color:#bc360a\" class=\"tadv-color\">Wolfstr\u00e4ne e.V. aus Leipzig- die Heimat f\u00fcr Kinder und Jugendliche auf dem Trauerweg <span style=\"color:#bc360a\" class=\"tadv-color\"><\/span><\/span><br>2017 arbeitete Katrin G\u00e4rtner noch als Kinderkrankenschwester in Leipzig. Dann gr\u00fcndete sie Wolfstr\u00e4ne e.V.  Aktuell begleitet sie zusammen mit 34 weiteren Projektmitarbeitern 180 Kinder und Jugendliche im Alter von drei bis zweiundzwanzig Jahren auf deren pers\u00f6nlichen Weg der Trauer. <br><\/p>\n\n\n\n<p>Website<br><a href=\"https:\/\/www.wolfstraene.de\/\">www.wolfstraene.de<\/a><\/p>\n\n\n\n<figure class=\"wp-block-audio\"><audio controls src=\"https:\/\/abschied-aufbruch.de\/wp-content\/uploads\/2021\/02\/Podcast06_Wolfstra\u0308ne-e.V.-Bearbeitung.mp3\"><\/audio><\/figure>\n\n\n\n<hr class=\"wp-block-separator has-text-color has-red-color has-css-opacity has-red-background-color has-background is-style-default\"\/>\n\n\n\n<div style=\"height:20px\" aria-hidden=\"true\" class=\"wp-block-spacer\"><\/div>\n\n\n\n<p><span style=\"color:#bc360a\" class=\"tadv-color\">Die Bestatterin- Beruf oder Berufung?<span style=\"color:#bc360a\" class=\"tadv-color\"><\/span><\/span><br>Zuerst war sie als Mitarbeiterin im internationalen Vertrieb eines Unternehmens weltweit unterwegs. Dann verstarb ihr Vater und sie \u00fcbernahm das Unternehmen. Seit 2013 leitet Frau Simone Prusnat zusammen mit ihrem Mann ein Bestattungsunternehmen in Waldkirch im Schwarzwald. Eine Entscheidung, die sie bisher keinen einzigen Tag bereute.<\/p>\n\n\n\n<p>Website<br><a href=\"https:\/\/www.prusnat-bestattungen.de\/\">www.prusnat-bestattungen.de<\/a><\/p>\n\n\n\n<figure class=\"wp-block-audio\"><audio controls src=\"https:\/\/abschied-aufbruch.de\/wp-content\/uploads\/2021\/02\/Podcast07_Beruf-oder-Berufung.-Bearbeitung-1.mp3\"><\/audio><\/figure>\n\n\n\n<hr class=\"wp-block-separator has-text-color has-red-color has-css-opacity has-red-background-color has-background is-style-default\"\/>\n\n\n\n<div style=\"height:20px\" aria-hidden=\"true\" class=\"wp-block-spacer\"><\/div>\n\n\n\n<p><span style=\"color:#bc360a\" class=\"tadv-color\"><\/span><span style=\"color:#bc360a\" class=\"tadv-color\">Der erfolgreiche Bestatter- wertvolle Tipps von einem<br>Branchenkenner und -Berater<\/span><br>Daniel Niemeyer ist vielseitig. Er hat einen Hochschulabschluss in Wirtschaft und Recht, ist Bestattermeister mit der Zusatzausbildung Thanatopraktiker und leitet ein Bestattungs-unternehmen mit vier Standorten und acht Mitarbeitern. Seiner Meinung nach ist es gar nicht so schwierig, ein Bestattungsunternehmen auf Erfolgskurs zu bringen.<br><\/p>\n\n\n\n<p><span style=\"color:#bc360a\" class=\"tadv-color\"><\/span><span style=\"color:#bc360a\" class=\"tadv-color\"><\/span>Website<br><span style=\"color:#bc360a\" class=\"tadv-color\"><a href=\"https:\/\/www.niemeyer-beratung.de\/ueber-mich\/\" class=\"broken_link\">https:\/\/www.niemeyer-beratung.de\/ueber-mich\/<\/a><\/span><\/p>\n\n\n\n<figure class=\"wp-block-audio\"><audio controls src=\"https:\/\/abschied-aufbruch.de\/wp-content\/uploads\/2021\/03\/Podcast08_Der-erfolgreiche-Bestatter-Tipps-von-einem-Branchenberater-1.mp3\"><\/audio><\/figure>\n\n\n\n<hr class=\"wp-block-separator has-text-color has-red-color has-css-opacity has-red-background-color has-background is-style-default\"\/>\n\n\n\n<div style=\"height:20px\" aria-hidden=\"true\" class=\"wp-block-spacer\"><\/div>\n\n\n\n<p><span style=\"color:#bc360a\" class=\"tadv-color\">Die Kindertrauer-Akademie. Wie Eltern und Schule Kindern in Trauer helfen k\u00f6nnen.<span style=\"color:#bc360a\" class=\"tadv-color\"><\/span><\/span><br>F\u00fcr Oliver Junker aus Kaufering geh\u00f6rten Tod, Verzweiflung und Hilflosigkeit zu seinem Beruf. Viele Jahre war er dort im Rettungsdienst und  Kriseninterventionsteam t\u00e4tig. Bis er ausstieg und 2006 die Kindertrauer-Akademie gr\u00fcndete. Seitdem ist die Unterst\u00fctzung von Kindern in Krisen- und Trauersituationen sein pers\u00f6nliches Lebensthema.<\/p>\n\n\n\n<p>Website<br><a href=\"http:\/\/www.kindertrauer.info\" class=\"broken_link\">www.kindertrauer.info<\/a><\/p>\n\n\n\n<figure class=\"wp-block-audio\"><audio controls src=\"https:\/\/abschied-aufbruch.de\/wp-content\/uploads\/2021\/03\/Podcast09_Kindertrauer-Akademie_Bearbeitung.mp3\"><\/audio><\/figure>\n\n\n\n<hr class=\"wp-block-separator has-text-color has-red-color has-css-opacity has-red-background-color has-background is-style-default\"\/>\n\n\n\n<div style=\"height:20px\" aria-hidden=\"true\" class=\"wp-block-spacer\"><\/div>\n\n\n\n<p><span style=\"color:#bc360a\" class=\"tadv-color\">Der Trauerredner als Geburtshelfer.<span style=\"color:#bc360a\" class=\"tadv-color\"><\/span><\/span><br>Harald Himpel ist Psychologe und geht bereits viele Jahre in die Luft- als Flugbegleiter f\u00fcr eine Fluglinie. Und seit drei Jahren begleitet er als Trauerredner hinterbliebene Menschen auf den Friedhof. Seine Mission: die w\u00fcrdige und gute Verabschiedung von Verstorbenen. <\/p>\n\n\n\n<p>Website<br><a href=\"http:\/\/www.trauer-in-regensburg.de\" data-type=\"URL\" data-id=\"www.trauer-in-regensburg.de\">www.trauer-in-regensburg.de<\/a><\/p>\n\n\n\n<figure class=\"wp-block-audio\"><audio controls src=\"https:\/\/abschied-aufbruch.de\/wp-content\/uploads\/2021\/04\/PD_11_Trauerredner-und-Geburtshelferlr.mp3\"><\/audio><\/figure>\n\n\n\n<hr class=\"wp-block-separator has-text-color has-red-color has-css-opacity has-red-background-color has-background is-style-default\"\/>\n\n\n\n<div style=\"height:40px\" aria-hidden=\"true\" class=\"wp-block-spacer\"><\/div>\n\n\n\n<p><span style=\"color:#bc360a\" class=\"tadv-color\">Aeternitas e.V.- Die Verbraucherberatung \u00fcber den Tod hinaus.<span style=\"color:#bc360a\" class=\"tadv-color\"><\/span><\/span><br>Mit dem Soziologen Alexander Helbach. Er leitet die Presse und \u00d6ffentlichkeitsarbeit von Aeternitas e.V. und findet, dass der Wunsch von B\u00fcrger*innen zu liberaleren Bestattungs- und Gedenkformen bei Politik und Gesetzgebung mehr Geh\u00f6r finden sollten.<\/p>\n\n\n\n<p>Website<br><span style=\"color:#bc360a\" class=\"tadv-color\">www.aeternitas.de<\/span><\/p>\n\n\n\n<figure class=\"wp-block-audio\"><audio controls src=\"https:\/\/abschied-aufbruch.de\/wp-content\/uploads\/2021\/04\/PD12_Aeternitas_Verbraucherberatung-u\u0308ber-den-Tod-hinaus_1-2.mp3\"><\/audio><\/figure>\n\n\n\n<hr class=\"wp-block-separator has-text-color has-red-color has-css-opacity has-red-background-color has-background is-style-default\"\/>\n\n\n\n<div style=\"height:40px\" aria-hidden=\"true\" class=\"wp-block-spacer\"><\/div>\n\n\n\n<p><span style=\"color:#bc360a\" class=\"tadv-color\">End-Of-life-lab, Erfindungen f\u00fcr die Sterbephase<span style=\"color:#bc360a\" class=\"tadv-color\"><\/span><\/span><br>Dr. Marieke Sonneveld ist Assistenzprofessorin f\u00fcr Industriedesign an der Technischen Universit\u00e4t Delft. Sie leitet dort ein Forschungslabor mit dem Namen \u201eEnd-of-Life-Lab\u201c. Dessen Zielsetzung lautet: \u201eThe Design for End Of Life Lab explores how design can contribute to the quality of life in its last stage.\u201d<\/p>\n\n\n\n<p>Website<br><a href=\"https:\/\/www.tudelft.nl\/io\/over-io\/personen\/sonneveld-mh\">https:\/\/www.tudelft.nl\/io\/over-io\/personen\/sonneveld-m<\/a><\/p>\n\n\n\n<figure class=\"wp-block-audio\"><audio controls src=\"https:\/\/abschied-aufbruch.de\/wp-content\/uploads\/2021\/05\/PD13_End-Of-life-lab-Erfindungen-fu\u0308r-die-Sterbephase-2.mp3\"><\/audio><\/figure>\n\n\n\n<div style=\"height:40px\" aria-hidden=\"true\" class=\"wp-block-spacer\"><\/div>\n\n\n\n<hr class=\"wp-block-separator has-text-color has-red-color has-css-opacity has-red-background-color has-background is-style-default\"\/>\n\n\n\n<p><span style=\"color:#bc360a\" class=\"tadv-color\">Hospizverein Regensburg e.V.- Helfer f\u00fcr eine w\u00fcrdige letzte Wegstrecke<span style=\"color:#bc360a\" class=\"tadv-color\"><\/span><\/span><br>Katrin Dehner arbeitet mit Leib und Seele f\u00fcr den Hospizverein Regensburg e.V. Sie koordiniert dort den ambulanten Hospiz-und Palliativ-Beratungsdienst. W\u00fcrdiges Sterben und gute Begleitung basieren f\u00fcr sie auf Hinh\u00f6ren, Aushalten und Akzeptanz von Entscheidungen.<br><\/p>\n\n\n\n<p>Website<br><span style=\"color:#bc360a\" class=\"tadv-color\"><a href=\"https:\/\/www.hospiz-verein-regensburg.de\/\">https:\/\/www.hospiz-verein-regensburg.de\/<\/a><\/span><\/p>\n\n\n\n<figure class=\"wp-block-audio\"><audio controls src=\"https:\/\/abschied-aufbruch.de\/wp-content\/uploads\/2021\/05\/PD14_Hospizverein-Regensburg-e.V._Bearbeitung.mp3\"><\/audio><\/figure>\n\n\n\n<div style=\"height:40px\" aria-hidden=\"true\" class=\"wp-block-spacer\"><\/div>\n\n\n\n<hr class=\"wp-block-separator has-text-color has-red-color has-css-opacity has-red-background-color has-background is-style-default\"\/>\n\n\n\n<p><span style=\"color:#bc360a\" class=\"tadv-color\">Der Thanatopraktiker- ein Beruf, den keiner kennt<span style=\"color:#bc360a\" class=\"tadv-color\"><\/span><\/span><br>Daniel Niemeyer aus Nordhorn und Heiko M\u00e4cherle aus W\u00f6rth am Rhein sind Bestattermeister mit der Zusatzausbildung Thanatopraktiker, von denen es in ganz Deutschland nur einige Dutzend gibt. In welchen Situationen Thanatopraktiker den &#8222;normalen&#8220; Bestatterkolleg*innen weiterhelfen k\u00f6nnen und was sie zu ihrer Arbeit motiviert, verraten sie uns im Folgenden.<\/p>\n\n\n\n<p>Website<br><span style=\"color:#bc360a\" class=\"tadv-color\"><a href=\"https:\/\/www.bestatter-grafschaft.de\/bestatter\/team\/daniel-niemeyer.html\" class=\"broken_link\">https:\/\/www.bestatter-grafschaft.de\/bestatter\/team\/daniel-niemeyer.html<\/a><\/span><span style=\"color:#bc360a\" class=\"tadv-color\"><\/span><br><a href=\"https:\/\/www.maecherle.de\/\">https:\/\/www.maecherle.de\/<\/a><\/p>\n\n\n\n<figure class=\"wp-block-audio\"><audio controls src=\"https:\/\/abschied-aufbruch.de\/wp-content\/uploads\/2021\/07\/PD15_Tanatopraktiker-Bearbeitung-2.mp3\"><\/audio><\/figure>\n\n\n\n<p><\/p>\n\n\n\n<p><\/p>\n\n\n\n<p><\/p>\n\n\n\n<hr class=\"wp-block-separator has-text-color has-red-color has-css-opacity has-red-background-color has-background is-style-default\"\/>\n\n\n\n<p><span style=\"color:#bc360a\" class=\"tadv-color\">Leaves- digitale Trauerbegleitung aus dem Internet<span style=\"color:#bc360a\" class=\"tadv-color\"><\/span><\/span><br>Jeannette Brodbeck&nbsp;ist zu 80% Professorin f\u00fcr Beratung an der Hochschule f\u00fcr Soziale Arbeit Nordwestschweiz. Die restlichen 20% arbeitet sie am Lehrstuhl f\u00fcr Klinische Psychologie und Psychotherapie der Universit\u00e4t Bern. Aktuell startet und begleitet sie aus wissenschaftlicher Sicht das internationale Projekt &#8222;Leaves&#8220;. Leaves ist ein online-Selbsthilfeprogramm f\u00fcr \u00e4ltere Menschen, die k\u00fcrzlich ihren Partner verloren hatten und Beistand ben\u00f6tigen.<\/p>\n\n\n\n<figure class=\"wp-block-audio\"><audio controls src=\"https:\/\/abschied-aufbruch.de\/wp-content\/uploads\/2022\/01\/PD16_Verlustbegleitung-2.0-emotionale-Unterstu\u0308tzung-fu\u0308r-Trauernde-u\u0308ber.logicx.mp3\"><\/audio><\/figure>\n\n\n\n<p>Website<br><a rel=\"noreferrer noopener\" href=\"https:\/\/www.fhnw.ch\/de\/personen\/jeannette-brodbeck\" target=\"_blank\">https:\/\/www.fhnw.ch\/de\/personen\/jeannette-brodbeck<\/a><br><a href=\"https:\/\/www.kpp.psy.unibe.ch\/ueber_uns\/personen\/brodbeck\/index_ger.html\" target=\"_blank\" rel=\"noreferrer noopener\">https:\/\/www.kpp.psy.unibe.ch\/ueber_uns\/personen\/brodbeck\/index_ger.html<\/a><br><a href=\"https:\/\/de.leaves-project.eu\/\" target=\"_blank\" rel=\"noreferrer noopener\" class=\"broken_link\">https:\/\/de.leaves-project.eu\/<\/a><\/p>\n\n\n\n<p><\/p>\n\n\n\n<hr class=\"wp-block-separator has-text-color has-red-color has-css-opacity has-red-background-color has-background is-style-default\"\/>\n\n\n\n<p><span style=\"color:#bc360a\" class=\"tadv-color\">Dialog mit dem Ende- was meinen die PeWis?<span style=\"color:#bc360a\" class=\"tadv-color\"><\/span><\/span><br>Perimortale Wissenschaften, kurz PeWi, ist der aktuell bundesweit einzige Studiengang zu Sterben, Tod und Trauer. Themen also, die immer ein breiteres gesellschaftliches Interesse finden. So wundert es auch nicht, dass der PeWi-Lehrstuhlinhaber Prof. Rupert Scheule die Ausstellung \u201eDialog mit dem Ende\u201c kurzerhand nach Regensburg einlud. Und die Ausstellungsmacher*innen dieser Einladung gerne folgten. Sie machten die Zentralbibliothek der Universit\u00e4t Regensburg zum vierten von insgesamt sieben Haltepunkten ihrer Wanderausstellung. Wie stehen die PeWis zu dieser Ausstellung, wie beurteilen sie die Atmosph\u00e4re, Sinnstiftung und vor allem: die W\u00fcrde in der Darstellung der vom Tode bedrohten Menschen?<\/p>\n\n\n\n<figure class=\"wp-block-audio\"><audio controls src=\"https:\/\/abschied-aufbruch.de\/wp-content\/uploads\/2022\/05\/PeWi_Dialog-mit-dem-Ende-das-meinen-die-PeWis-1.mp3\"><\/audio><\/figure>\n\n\n\n<p>Website<br><a href=\"https:\/\/www.dialog-mit-dem-ende.de\">https:\/\/www.dialog-mit-dem-ende.de<\/a> <br><a href=\"https:\/\/www.uni-regensburg.de\/theologie\/moraltheologie\/perimortale-wissenschaften-ma\/index.html\" class=\"broken_link\">https:\/\/www.uni-regensburg.de\/theologie\/moraltheologie\/perimortale-wissenschaften-ma\/index.html<\/a><\/p>\n\n\n\n<p><\/p>\n\n\n\n<hr class=\"wp-block-separator has-text-color has-red-color has-css-opacity has-red-background-color has-background is-style-default\"\/>\n\n\n\n<p><span style=\"color:#bc360a\" class=\"tadv-color\">Grabsteine via online- Shopping. Wenn der Steinmetz neue Wege geht.<span style=\"color:#bc360a\" class=\"tadv-color\"><\/span><\/span><br>Tobias Messerschmidt aus Crailsheim ist Familienvater, Steinmetz und Unternehmer. Sein Gesch\u00e4ftsmodell: die regionale und \u00fcberregionale Versorgung der Trauernden mit w\u00fcrdigen und bezahlbaren Grabsteinen made in Germany zum Festpreis. Im Podcast berichtet er \u00fcber seinen unternehmerischen Beitag zur Nachhaltigkeit und verr\u00e4t, wie sein &#8222;Wunschfriedhof&#8220; 2050 aussieht.<br><\/p>\n\n\n\n<figure class=\"wp-block-audio\"><audio controls src=\"https:\/\/abschied-aufbruch.de\/wp-content\/uploads\/2022\/11\/Grabsteine-via-online-Shopping_Schnitt-1.mp3\"><\/audio><\/figure>\n\n\n\n<p>Website<br><a href=\"https:\/\/www.grabstein-steinmetz.de\">https:\/\/www.grabstein-steinmetz.de<\/a><br><\/p>\n","protected":false},"excerpt":{"rendered":"<p>Die Grabschlie\u00dferin- ein neuer Bestattungsritus?Ursula Hahn-Seidl, Coach:in f\u00fcr F\u00fchrungskr\u00e4fte im Gesundheitswesen und Supervisorin aus Augsburg. Websitehttps:\/\/www.hahn-seidl-coaching.de\/ Der Friedhof als WirtschaftsunternehmenHanns-Wolfgang Wild ist Unternehmensberater aus Regensburg mit dem Schwerpunkt mittelst\u00e4ndische Handelsunternehmen. Websitehttps:\/\/www.varicon.de\/regensburg\/ Netztrauer- Die Verlagerung von Trauer in das InternetMatthias Meitzler ist Soziologe an der Universit\u00e4t Passau. Neben dem Band Soziologie der Verg\u00e4nglichkeit verfasste er zusammen &hellip; <a href=\"https:\/\/abschied-aufbruch.de\/?page_id=160\" class=\"more-link\"><span class=\"screen-reader-text\">Abschied-Podcasts<\/span> weiterlesen <span class=\"meta-nav\">&rarr;<\/span><\/a><\/p>\n","protected":false},"author":1,"featured_media":0,"parent":0,"menu_order":0,"comment_status":"closed","ping_status":"closed","template":"","meta":{"ngg_post_thumbnail":0,"footnotes":""},"class_list":["post-160","page","type-page","status-publish","hentry"],"_links":{"self":[{"href":"https:\/\/abschied-aufbruch.de\/index.php?rest_route=\/wp\/v2\/pages\/160","targetHints":{"allow":["GET"]}}],"collection":[{"href":"https:\/\/abschied-aufbruch.de\/index.php?rest_route=\/wp\/v2\/pages"}],"about":[{"href":"https:\/\/abschied-aufbruch.de\/index.php?rest_route=\/wp\/v2\/types\/page"}],"author":[{"embeddable":true,"href":"https:\/\/abschied-aufbruch.de\/index.php?rest_route=\/wp\/v2\/users\/1"}],"replies":[{"embeddable":true,"href":"https:\/\/abschied-aufbruch.de\/index.php?rest_route=%2Fwp%2Fv2%2Fcomments&post=160"}],"version-history":[{"count":69,"href":"https:\/\/abschied-aufbruch.de\/index.php?rest_route=\/wp\/v2\/pages\/160\/revisions"}],"predecessor-version":[{"id":786,"href":"https:\/\/abschied-aufbruch.de\/index.php?rest_route=\/wp\/v2\/pages\/160\/revisions\/786"}],"wp:attachment":[{"href":"https:\/\/abschied-aufbruch.de\/index.php?rest_route=%2Fwp%2Fv2%2Fmedia&parent=160"}],"curies":[{"name":"wp","href":"https:\/\/api.w.org\/{rel}","templated":true}]}}